{"id":3984,"date":"2022-01-17T11:28:56","date_gmt":"2022-01-17T11:28:56","guid":{"rendered":"http:\/\/mallorcaled.com\/?page_id=3984"},"modified":"2022-03-21T18:41:39","modified_gmt":"2022-03-21T18:41:39","slug":"ofertas_de_trabajo","status":"publish","type":"page","link":"https:\/\/mallorcaled.com\/es\/ofertas_de_trabajo\/","title":{"rendered":"Ofertas de trabajo"},"content":{"rendered":"<p>[vc_row full_width=\u00bbstretch_row_content_no_spaces\u00bb row_color=\u00bbbgBlack\u00bb extra=\u00bbstretched\u00bb css=\u00bb.vc_custom_1559951859790{margin-top: -100px !important;}\u00bb][vc_column extra=\u00bbnoPadding\u00bb][\/vc_column][vc_column extra=\u00bbnoPadding,clearfix\u00bb offset=\u00bbvc_col-lg-9 vc_col-md-12 vc_hidden-md vc_hidden-sm vc_hidden-xs\u00bb css=\u00bb.vc_custom_1560071459036{background-image: url(http:\/\/mallorcaled.com\/wp-content\/uploads\/2019\/06\/garden.jpg?id=3023) !important;}\u00bb]\r\n            <div class=\"splitImg padding customBgOverlay blackColor\" style=\"background-image: url(https:\/\/mallorcaled.com\/wp-content\/uploads\/2022\/01\/169935579_3918143101565915_2496027926285610237_n.jpg);\">\r\n                <div>&nbsp;<\/div>\r\n            <\/div>[\/vc_column][vc_column altius_col_bgcolor=\u00bbbgBlack\u00bb offset=\u00bbvc_col-lg-3&#8243;][vc_row_inner inner_row_color=\u00bbbgBlack\u00bb inner_extra=\u00bbpadding\u00bb][vc_column_inner][vc_empty_space height=\u00bb55px\u00bb]<h3 class=\"text-left\">Nuestras ofertas de trabajo actuales<\/h3>[vc_column_text]<span style=\"color: #ffffff;\"><b><span>\u00a1No dudes en enviar tu candidatura a jobs@mallorcaled.com!<\/span><\/b><\/span>[\/vc_column_text][vc_empty_space height=\u00bb55px\u00bb][\/vc_column_inner][\/vc_row_inner][\/vc_column][vc_column altius_col_bgcolor=\u00bbbgColor\u00bb extra=\u00bbnoPadding\u00bb css=\u00bb.vc_custom_1559952065154{background-color: #d8bc31 !important;}\u00bb offset=\u00bbvc_col-lg-12&#8243;][vc_empty_space height=\u00bb12px\u00bb css=\u00bb.vc_custom_1559951104334{background-color: #d8c231 !important;}\u00bb][\/vc_column][\/vc_row][vc_row][vc_column width=\u00bb1\/4&#8243;][vc_empty_space][\/vc_column][vc_column width=\u00bb1\/2&#8243;][vc_tta_accordion style=\u00bbmodern\u00bb c_icon=\u00bbchevron\u00bb active_section=\u00bb9&#8243; collapsible_all=\u00bbtrue\u00bb][vc_tta_section title=\u00bbT\u00e9cnico \/ Instalador &#8211; Jornada completa 40h\/semana\u00bb tab_id=\u00bb1642418482870-74dc27dd-9489&#8243;][vc_column_text]<\/p>\n<h2><span style=\"font-weight: 400;\">\u00bfQui\u00e9nes somos?<\/span><\/h2>\n<p><span style=\"font-weight: 400;\">InterLED, Sounds &amp; Visions lleva m\u00e1s de 15 a\u00f1os operando con \u00e9xito en las Islas Baleares y en Alemania. Somos expertos en la planificaci\u00f3n y creaci\u00f3n de conceptos de iluminaci\u00f3n para cualquier propiedad, as\u00ed como en su adquisici\u00f3n, instalaci\u00f3n y servicio posterior. Nuestros clientes conf\u00edan en nuestros conocimientos y experiencia en las siguientes \u00e1reas:<\/span><\/p>\n<h1><\/h1>\n<ul>\n<li style=\"font-weight: 400;\" aria-level=\"1\"><span style=\"font-weight: 400;\">Iluminaci\u00f3n interior<\/span><\/li>\n<li style=\"font-weight: 400;\" aria-level=\"1\"><span style=\"font-weight: 400;\">Iluminaci\u00f3n exterior<\/span><\/li>\n<li style=\"font-weight: 400;\" aria-level=\"1\"><span style=\"font-weight: 400;\">Iluminaci\u00f3n individual y exclusiva de la piscina<\/span><\/li>\n<li style=\"font-weight: 400;\" aria-level=\"1\"><span style=\"font-weight: 400;\">Sistemas de sonido y cine en casa, as\u00ed como televisi\u00f3n<\/span><\/li>\n<\/ul>\n<p><span style=\"font-weight: 400;\">Debemos nuestra excelente reputaci\u00f3n a la calidad y durabilidad de nuestros productos e instalaciones.\u00a0<\/span><\/p>\n<h1><\/h1>\n<h2><span style=\"font-weight: 400;\">Descripci\u00f3n del trabajo<\/span><\/h2>\n<h1><\/h1>\n<h3><span style=\"font-weight: 400;\">Sus tareas<\/span><\/h3>\n<p><span style=\"font-weight: 400;\">Realizaci\u00f3n de la instalaci\u00f3n sobre el terreno de sistemas de iluminaci\u00f3n y sonido. Esto incluye, en particular:<\/span><\/p>\n<ul>\n<li style=\"font-weight: 400;\" aria-level=\"1\"><span style=\"font-weight: 400;\">El cableado de las luminarias en el exterior es resistente a la intemperie<\/span><\/li>\n<li style=\"font-weight: 400;\" aria-level=\"1\"><span style=\"font-weight: 400;\">Instalaci\u00f3n experta de luminarias en interiores<\/span><\/li>\n<li style=\"font-weight: 400;\" aria-level=\"1\"><span style=\"font-weight: 400;\">Preparaci\u00f3n e instalaci\u00f3n de la fibra \u00f3ptica en las zonas de piscina y spa<\/span><\/li>\n<li style=\"font-weight: 400;\" aria-level=\"1\"><span style=\"font-weight: 400;\">Instalaci\u00f3n y configuraci\u00f3n de sistemas de sonido en \u00e1reas dom\u00e9sticas y profesionales<\/span><\/li>\n<li style=\"font-weight: 400;\" aria-level=\"1\"><span style=\"font-weight: 400;\">Si es necesario, el tendido de cables en el exterior<\/span><\/li>\n<li style=\"font-weight: 400;\" aria-level=\"1\"><span style=\"font-weight: 400;\">Si es necesario, trabajos de ranurado y enlucido de corta longitud en mamposter\u00eda<\/span><\/li>\n<\/ul>\n<h1><\/h1>\n<h3><span style=\"font-weight: 400;\">Su perfil<\/span><\/h3>\n<ul>\n<li style=\"font-weight: 400;\" aria-level=\"1\"><span style=\"font-weight: 400;\">Tiene un alto nivel de destreza manual, conocimientos t\u00e9cnicos y una forma de trabajar orientada al detalle<\/span><\/li>\n<li style=\"font-weight: 400;\" aria-level=\"1\"><span style=\"font-weight: 400;\">Tiene una actitud de trabajo independiente orientada a la soluci\u00f3n y al cliente<\/span><\/li>\n<li style=\"font-weight: 400;\" aria-level=\"1\"><span style=\"font-weight: 400;\">Trabajas con cuidado y tienes sentido del orden, as\u00ed como una forma de trabajar bien estructurada<\/span><\/li>\n<li style=\"font-weight: 400;\" aria-level=\"1\"><span style=\"font-weight: 400;\">Tiene un trato seguro con los clientes<\/span><\/li>\n<li style=\"font-weight: 400;\" aria-level=\"1\"><span style=\"font-weight: 400;\">Est\u00e1 abierto a aprender cosas nuevas<\/span><\/li>\n<li style=\"font-weight: 400;\" aria-level=\"1\"><span style=\"font-weight: 400;\">Domina el espa\u00f1ol y el ingl\u00e9s hablado y escrito<\/span><\/li>\n<li style=\"font-weight: 400;\" aria-level=\"1\"><span style=\"font-weight: 400;\">Tiene una mentalidad pr\u00e1ctica y trabaja de forma independiente, concienzuda y orientada al servicio<\/span><\/li>\n<li style=\"font-weight: 400;\" aria-level=\"1\"><span style=\"font-weight: 400;\">Tienes un permiso de conducir de clase B v\u00e1lido<\/span><\/li>\n<li style=\"font-weight: 400;\" aria-level=\"1\"><span style=\"font-weight: 400;\">Lo ideal es que haya completado una formaci\u00f3n t\u00e9cnica como electricista o t\u00e9cnico en electr\u00f3nica<\/span><\/li>\n<\/ul>\n<h3><span style=\"font-weight: 400;\">Ofrecemos<\/span><\/h3>\n<ul>\n<li style=\"font-weight: 400;\" aria-level=\"1\"><span style=\"font-weight: 400;\">Un lugar de trabajo permanente y moderno en El C\u00edrculo de Santa Ponsa y en toda la isla<\/span><\/li>\n<li style=\"font-weight: 400;\" aria-level=\"1\"><span style=\"font-weight: 400;\">Actividades variadas con un amplio abanico de posibilidades creativas en un mercado prometedor y optimista<\/span><\/li>\n<li style=\"font-weight: 400;\" aria-level=\"1\"><span style=\"font-weight: 400;\">Un lugar de trabajo en lugares siempre diferentes en Mallorca, las Islas Baleares y en Alemania<\/span><\/li>\n<li style=\"font-weight: 400;\" aria-level=\"1\"><span style=\"font-weight: 400;\">Un ambiente familiar en forma de un equipo motivado y comprometido en el que tu opini\u00f3n es importante y solicitada<\/span><\/li>\n<li style=\"font-weight: 400;\" aria-level=\"1\"><span style=\"font-weight: 400;\">Herramientas de alta calidad, un tel\u00e9fono m\u00f3vil de empresa y, si es necesario, un coche de empresa<\/span><\/li>\n<li style=\"font-weight: 400;\" aria-level=\"1\"><span style=\"font-weight: 400;\">Un salario atractivo y superior a la media<\/span><\/li>\n<\/ul>\n<p><span style=\"font-weight: 400;\">\u00a0<\/span><\/p>\n<h1><\/h1>\n<p><b>Esperamos recibir solicitudes motivadas!<\/b><\/p>\n<h1><\/h1>\n<p><span style=\"font-weight: 400;\">Env\u00edenos su curr\u00edculum vitae, as\u00ed como su carta de presentaci\u00f3n y otras referencias en formato PDF a nuestra direcci\u00f3n de correo electr\u00f3nico <\/span><a href=\"mailto:jobs@mallorcaled.com\"><span style=\"font-weight: 400;\">jobs@mallorcaled.com<\/span><\/a><span style=\"font-weight: 400;\">.<\/span>[\/vc_column_text][\/vc_tta_section][\/vc_tta_accordion][\/vc_column][vc_column width=\u00bb1\/4&#8243;][vc_empty_space][\/vc_column][\/vc_row][vc_row row_padding=\u00bbdefault\u00bb][vc_column]<div role=\"form\" class=\"wpcf7\" id=\"wpcf7-f3814-o1\" lang=\"en-US\" dir=\"ltr\">\n<div class=\"screen-reader-response\"><p role=\"status\" aria-live=\"polite\" aria-atomic=\"true\"><\/p> <ul><\/ul><\/div>\n<form action=\"\/es\/wp-json\/wp\/v2\/pages\/3984#wpcf7-f3814-o1\" method=\"post\" class=\"wpcf7-form init\" novalidate=\"novalidate\" data-status=\"init\">\n<div style=\"display: none;\">\n<input type=\"hidden\" name=\"_wpcf7\" value=\"3814\" \/>\n<input type=\"hidden\" name=\"_wpcf7_version\" value=\"5.5.6\" \/>\n<input type=\"hidden\" name=\"_wpcf7_locale\" value=\"en_US\" \/>\n<input type=\"hidden\" name=\"_wpcf7_unit_tag\" value=\"wpcf7-f3814-o1\" \/>\n<input type=\"hidden\" name=\"_wpcf7_container_post\" value=\"0\" \/>\n<input type=\"hidden\" name=\"_wpcf7_posted_data_hash\" value=\"\" \/>\n<input type=\"hidden\" name=\"_wpcf7_recaptcha_response\" value=\"\" \/>\n<\/div>\n<h3 class=\"text-left\">Contact us now!<\/h3>\n<div id=\"contact\">\n<div class=\"row\">\n<div class=\"large-6 columns\">\n                          <span class=\"wpcf7-form-control-wrap your-name\"><input type=\"text\" name=\"your-name\" value=\"\" size=\"40\" class=\"wpcf7-form-control wpcf7-text wpcf7-validates-as-required form-element large\" id=\"formName\" aria-required=\"true\" aria-invalid=\"false\" placeholder=\"Su nombre*\" \/><\/span><br \/>\n                          <small class=\"form-error\">Please fill in your first and last name.<\/small>\n                      <\/div>\n<div class=\"large-6 columns\">\n                          <span class=\"wpcf7-form-control-wrap your-email\"><input type=\"email\" name=\"your-email\" value=\"\" size=\"40\" class=\"wpcf7-form-control wpcf7-text wpcf7-email wpcf7-validates-as-required wpcf7-validates-as-email form-element large\" aria-required=\"true\" aria-invalid=\"false\" placeholder=\"Email*\" \/><\/span><br \/>\n                          <small class=\"form-error\">Enter a valid email address.<\/small>\n                      <\/div>\n<\/div>\n<div class=\"row\">\n<div class=\"large-6 columns\">\n                          <span class=\"wpcf7-form-control-wrap your-phone\"><input type=\"text\" name=\"your-phone\" value=\"\" size=\"40\" class=\"wpcf7-form-control wpcf7-text form-element large\" aria-invalid=\"false\" placeholder=\"Su n\u00famero de tel\u00e9fono\" \/><\/span><br \/>\n                          <small class=\"form-error\">Enter a valid phone number<\/small>\n                      <\/div>\n<\/div>\n<div class=\"row\">\n<div class=\"large-12 columns textarea\">\n                          <span class=\"wpcf7-form-control-wrap your-message\"><textarea name=\"your-message\" cols=\"40\" rows=\"10\" class=\"wpcf7-form-control wpcf7-textarea wpcf7-validates-as-required form-element large\" aria-required=\"true\" aria-invalid=\"false\" placeholder=\"Mensaje*\"><\/textarea><\/span><br \/>\n                          <small class=\"form-error\">You must say something<\/small>\n                      <\/div>\n<\/div>\n<div class=\"row\">\n<div class=\"small-12 columns\">\n                      <input type=\"submit\" value=\"Enviar\" class=\"wpcf7-form-control has-spinner wpcf7-submit button btnBlack float-right\" \/>\n                    <\/div>\n<\/div>\n<\/div>\n<p style=\"display: none !important;\"><label>&#916;<textarea name=\"_wpcf7_ak_hp_textarea\" cols=\"45\" rows=\"8\" maxlength=\"100\"><\/textarea><\/label><input type=\"hidden\" id=\"ak_js_1\" name=\"_wpcf7_ak_js\" value=\"191\"\/><script>document.getElementById( \"ak_js_1\" ).setAttribute( \"value\", ( new Date() ).getTime() );<\/script><\/p><div class=\"wpcf7-response-output\" aria-hidden=\"true\"><\/div><\/form><\/div>[\/vc_column][\/vc_row]<\/p>\n","protected":false},"excerpt":{"rendered":"<p>[vc_row full_width=\u00bbstretch_row_content_no_spaces\u00bb row_color=\u00bbbgBlack\u00bb extra=\u00bbstretched\u00bb css=\u00bb.vc_custom_1559951859790{margin-top: -100px !important;}\u00bb][vc_column extra=\u00bbnoPadding\u00bb][\/vc_column][vc_column extra=\u00bbnoPadding,clearfix\u00bb offset=\u00bbvc_col-lg-9 vc_col-md-12 vc_hidden-md vc_hidden-sm vc_hidden-xs\u00bb css=\u00bb.vc_custom_1560071459036{background-image: url(http:\/\/mallorcaled.com\/wp-content\/uploads\/2019\/06\/garden.jpg?id=3023) !important;}\u00bb][\/vc_column][vc_column altius_col_bgcolor=\u00bbbgBlack\u00bb offset=\u00bbvc_col-lg-3&#8243;][vc_row_inner inner_row_color=\u00bbbgBlack\u00bb inner_extra=\u00bbpadding\u00bb][vc_column_inner][vc_empty_space height=\u00bb55px\u00bb][vc_column_text]\u00a1No dudes en enviar tu candidatura a jobs@mallorcaled.com![\/vc_column_text][vc_empty_space height=\u00bb55px\u00bb][\/vc_column_inner][\/vc_row_inner][\/vc_column][vc_column altius_col_bgcolor=\u00bbbgColor\u00bb extra=\u00bbnoPadding\u00bb css=\u00bb.vc_custom_1559952065154{background-color: #d8bc31 !important;}\u00bb offset=\u00bbvc_col-lg-12&#8243;][vc_empty_space height=\u00bb12px\u00bb css=\u00bb.vc_custom_1559951104334{background-color: #d8c231 !important;}\u00bb][\/vc_column][\/vc_row][vc_row][vc_column width=\u00bb1\/4&#8243;][vc_empty_space][\/vc_column][vc_column width=\u00bb1\/2&#8243;][vc_tta_accordion style=\u00bbmodern\u00bb c_icon=\u00bbchevron\u00bb active_section=\u00bb9&#8243; collapsible_all=\u00bbtrue\u00bb][vc_tta_section title=\u00bbT\u00e9cnico \/ Instalador &#8211; Jornada completa 40h\/semana\u00bb tab_id=\u00bb1642418482870-74dc27dd-9489&#8243;][vc_column_text] \u00bfQui\u00e9nes [&hellip;]<\/p>\n","protected":false},"author":2,"featured_media":0,"parent":0,"menu_order":0,"comment_status":"closed","ping_status":"closed","template":"template-page-full.php","meta":{"footnotes":""},"class_list":["post-3984","page","type-page","status-publish","hentry"],"yoast_head":"<!-- This site is optimized with the Yoast SEO plugin v18.4 - https:\/\/yoast.com\/wordpress\/plugins\/seo\/ -->\n<title>Ofertas de trabajo | MallorcaLED<\/title>\n<meta name=\"robots\" content=\"index, follow, max-snippet:-1, max-image-preview:large, max-video-preview:-1\" \/>\n<link rel=\"canonical\" href=\"https:\/\/mallorcaled.com\/es\/ofertas_de_trabajo\/\" \/>\n<meta property=\"og:locale\" content=\"es_ES\" \/>\n<meta property=\"og:type\" content=\"article\" \/>\n<meta property=\"og:title\" content=\"Ofertas de trabajo | MallorcaLED\" \/>\n<meta property=\"og:description\" content=\"[vc_row full_width=\u00bbstretch_row_content_no_spaces\u00bb row_color=\u00bbbgBlack\u00bb extra=\u00bbstretched\u00bb css=\u00bb.vc_custom_1559951859790{margin-top: -100px !important;}\u00bb][vc_column extra=\u00bbnoPadding\u00bb][\/vc_column][vc_column extra=\u00bbnoPadding,clearfix\u00bb offset=\u00bbvc_col-lg-9 vc_col-md-12 vc_hidden-md vc_hidden-sm vc_hidden-xs\u00bb css=\u00bb.vc_custom_1560071459036{background-image: url(http:\/\/mallorcaled.com\/wp-content\/uploads\/2019\/06\/garden.jpg?id=3023) !important;}\u00bb][\/vc_column][vc_column altius_col_bgcolor=\u00bbbgBlack\u00bb offset=\u00bbvc_col-lg-3&#8243;][vc_row_inner inner_row_color=\u00bbbgBlack\u00bb inner_extra=\u00bbpadding\u00bb][vc_column_inner][vc_empty_space height=\u00bb55px\u00bb][vc_column_text]\u00a1No dudes en enviar tu candidatura a jobs@mallorcaled.com![\/vc_column_text][vc_empty_space height=\u00bb55px\u00bb][\/vc_column_inner][\/vc_row_inner][\/vc_column][vc_column altius_col_bgcolor=\u00bbbgColor\u00bb extra=\u00bbnoPadding\u00bb css=\u00bb.vc_custom_1559952065154{background-color: #d8bc31 !important;}\u00bb offset=\u00bbvc_col-lg-12&#8243;][vc_empty_space height=\u00bb12px\u00bb css=\u00bb.vc_custom_1559951104334{background-color: #d8c231 !important;}\u00bb][\/vc_column][\/vc_row][vc_row][vc_column width=\u00bb1\/4&#8243;][vc_empty_space][\/vc_column][vc_column width=\u00bb1\/2&#8243;][vc_tta_accordion style=\u00bbmodern\u00bb c_icon=\u00bbchevron\u00bb active_section=\u00bb9&#8243; collapsible_all=\u00bbtrue\u00bb][vc_tta_section title=\u00bbT\u00e9cnico \/ Instalador &#8211; Jornada completa 40h\/semana\u00bb tab_id=\u00bb1642418482870-74dc27dd-9489&#8243;][vc_column_text] \u00bfQui\u00e9nes [&hellip;]\" \/>\n<meta property=\"og:url\" content=\"https:\/\/mallorcaled.com\/es\/ofertas_de_trabajo\/\" \/>\n<meta property=\"og:site_name\" content=\"MallorcaLED\" \/>\n<meta property=\"article:modified_time\" content=\"2022-03-21T18:41:39+00:00\" \/>\n<meta name=\"twitter:card\" content=\"summary_large_image\" \/>\n<meta name=\"twitter:label1\" content=\"Tiempo de lectura\" \/>\n\t<meta name=\"twitter:data1\" content=\"4 minutos\" \/>\n<script type=\"application\/ld+json\" class=\"yoast-schema-graph\">{\"@context\":\"https:\/\/schema.org\",\"@graph\":[{\"@type\":\"WebSite\",\"@id\":\"https:\/\/mallorcaled.com\/#website\",\"url\":\"https:\/\/mallorcaled.com\/\",\"name\":\"Interled Sounds & Visions Mallorca\",\"description\":\"LED Lighting, Sound , TV\",\"potentialAction\":[{\"@type\":\"SearchAction\",\"target\":{\"@type\":\"EntryPoint\",\"urlTemplate\":\"https:\/\/mallorcaled.com\/?s={search_term_string}\"},\"query-input\":\"required name=search_term_string\"}],\"inLanguage\":\"es\"},{\"@type\":\"WebPage\",\"@id\":\"https:\/\/mallorcaled.com\/es\/ofertas_de_trabajo\/#webpage\",\"url\":\"https:\/\/mallorcaled.com\/es\/ofertas_de_trabajo\/\",\"name\":\"Ofertas de trabajo | MallorcaLED\",\"isPartOf\":{\"@id\":\"https:\/\/mallorcaled.com\/#website\"},\"datePublished\":\"2022-01-17T11:28:56+00:00\",\"dateModified\":\"2022-03-21T18:41:39+00:00\",\"breadcrumb\":{\"@id\":\"https:\/\/mallorcaled.com\/es\/ofertas_de_trabajo\/#breadcrumb\"},\"inLanguage\":\"es\",\"potentialAction\":[{\"@type\":\"ReadAction\",\"target\":[\"https:\/\/mallorcaled.com\/es\/ofertas_de_trabajo\/\"]}]},{\"@type\":\"BreadcrumbList\",\"@id\":\"https:\/\/mallorcaled.com\/es\/ofertas_de_trabajo\/#breadcrumb\",\"itemListElement\":[{\"@type\":\"ListItem\",\"position\":1,\"name\":\"Home\",\"item\":\"https:\/\/mallorcaled.com\/es\/\"},{\"@type\":\"ListItem\",\"position\":2,\"name\":\"Ofertas de trabajo\"}]}]}<\/script>\n<!-- \/ Yoast SEO plugin. -->","yoast_head_json":{"title":"Ofertas de trabajo | MallorcaLED","robots":{"index":"index","follow":"follow","max-snippet":"max-snippet:-1","max-image-preview":"max-image-preview:large","max-video-preview":"max-video-preview:-1"},"canonical":"https:\/\/mallorcaled.com\/es\/ofertas_de_trabajo\/","og_locale":"es_ES","og_type":"article","og_title":"Ofertas de trabajo | MallorcaLED","og_description":"[vc_row full_width=\u00bbstretch_row_content_no_spaces\u00bb row_color=\u00bbbgBlack\u00bb extra=\u00bbstretched\u00bb css=\u00bb.vc_custom_1559951859790{margin-top: -100px !important;}\u00bb][vc_column extra=\u00bbnoPadding\u00bb][\/vc_column][vc_column extra=\u00bbnoPadding,clearfix\u00bb offset=\u00bbvc_col-lg-9 vc_col-md-12 vc_hidden-md vc_hidden-sm vc_hidden-xs\u00bb css=\u00bb.vc_custom_1560071459036{background-image: url(http:\/\/mallorcaled.com\/wp-content\/uploads\/2019\/06\/garden.jpg?id=3023) !important;}\u00bb][\/vc_column][vc_column altius_col_bgcolor=\u00bbbgBlack\u00bb offset=\u00bbvc_col-lg-3&#8243;][vc_row_inner inner_row_color=\u00bbbgBlack\u00bb inner_extra=\u00bbpadding\u00bb][vc_column_inner][vc_empty_space height=\u00bb55px\u00bb][vc_column_text]\u00a1No dudes en enviar tu candidatura a jobs@mallorcaled.com![\/vc_column_text][vc_empty_space height=\u00bb55px\u00bb][\/vc_column_inner][\/vc_row_inner][\/vc_column][vc_column altius_col_bgcolor=\u00bbbgColor\u00bb extra=\u00bbnoPadding\u00bb css=\u00bb.vc_custom_1559952065154{background-color: #d8bc31 !important;}\u00bb offset=\u00bbvc_col-lg-12&#8243;][vc_empty_space height=\u00bb12px\u00bb css=\u00bb.vc_custom_1559951104334{background-color: #d8c231 !important;}\u00bb][\/vc_column][\/vc_row][vc_row][vc_column width=\u00bb1\/4&#8243;][vc_empty_space][\/vc_column][vc_column width=\u00bb1\/2&#8243;][vc_tta_accordion style=\u00bbmodern\u00bb c_icon=\u00bbchevron\u00bb active_section=\u00bb9&#8243; collapsible_all=\u00bbtrue\u00bb][vc_tta_section title=\u00bbT\u00e9cnico \/ Instalador &#8211; Jornada completa 40h\/semana\u00bb tab_id=\u00bb1642418482870-74dc27dd-9489&#8243;][vc_column_text] \u00bfQui\u00e9nes [&hellip;]","og_url":"https:\/\/mallorcaled.com\/es\/ofertas_de_trabajo\/","og_site_name":"MallorcaLED","article_modified_time":"2022-03-21T18:41:39+00:00","twitter_card":"summary_large_image","twitter_misc":{"Tiempo de lectura":"4 minutos"},"schema":{"@context":"https:\/\/schema.org","@graph":[{"@type":"WebSite","@id":"https:\/\/mallorcaled.com\/#website","url":"https:\/\/mallorcaled.com\/","name":"Interled Sounds & Visions Mallorca","description":"LED Lighting, Sound , TV","potentialAction":[{"@type":"SearchAction","target":{"@type":"EntryPoint","urlTemplate":"https:\/\/mallorcaled.com\/?s={search_term_string}"},"query-input":"required name=search_term_string"}],"inLanguage":"es"},{"@type":"WebPage","@id":"https:\/\/mallorcaled.com\/es\/ofertas_de_trabajo\/#webpage","url":"https:\/\/mallorcaled.com\/es\/ofertas_de_trabajo\/","name":"Ofertas de trabajo | MallorcaLED","isPartOf":{"@id":"https:\/\/mallorcaled.com\/#website"},"datePublished":"2022-01-17T11:28:56+00:00","dateModified":"2022-03-21T18:41:39+00:00","breadcrumb":{"@id":"https:\/\/mallorcaled.com\/es\/ofertas_de_trabajo\/#breadcrumb"},"inLanguage":"es","potentialAction":[{"@type":"ReadAction","target":["https:\/\/mallorcaled.com\/es\/ofertas_de_trabajo\/"]}]},{"@type":"BreadcrumbList","@id":"https:\/\/mallorcaled.com\/es\/ofertas_de_trabajo\/#breadcrumb","itemListElement":[{"@type":"ListItem","position":1,"name":"Home","item":"https:\/\/mallorcaled.com\/es\/"},{"@type":"ListItem","position":2,"name":"Ofertas de trabajo"}]}]}},"_links":{"self":[{"href":"https:\/\/mallorcaled.com\/es\/wp-json\/wp\/v2\/pages\/3984"}],"collection":[{"href":"https:\/\/mallorcaled.com\/es\/wp-json\/wp\/v2\/pages"}],"about":[{"href":"https:\/\/mallorcaled.com\/es\/wp-json\/wp\/v2\/types\/page"}],"author":[{"embeddable":true,"href":"https:\/\/mallorcaled.com\/es\/wp-json\/wp\/v2\/users\/2"}],"replies":[{"embeddable":true,"href":"https:\/\/mallorcaled.com\/es\/wp-json\/wp\/v2\/comments?post=3984"}],"version-history":[{"count":8,"href":"https:\/\/mallorcaled.com\/es\/wp-json\/wp\/v2\/pages\/3984\/revisions"}],"predecessor-version":[{"id":4040,"href":"https:\/\/mallorcaled.com\/es\/wp-json\/wp\/v2\/pages\/3984\/revisions\/4040"}],"wp:attachment":[{"href":"https:\/\/mallorcaled.com\/es\/wp-json\/wp\/v2\/media?parent=3984"}],"curies":[{"name":"wp","href":"https:\/\/api.w.org\/{rel}","templated":true}]}}