{"id":3652,"date":"2019-12-23T14:57:38","date_gmt":"2019-12-23T14:57:38","guid":{"rendered":"http:\/\/mallorcaled.com\/?page_id=3652"},"modified":"2020-05-25T06:22:00","modified_gmt":"2020-05-25T06:22:00","slug":"alquiler_equipo_sonido_eventos","status":"publish","type":"page","link":"https:\/\/mallorcaled.com\/es\/alquiler_equipo_sonido_eventos\/","title":{"rendered":"alquiler de sonido para eventos"},"content":{"rendered":"<p>[vc_row full_width=\u00bbstretch_row_content_no_spaces\u00bb disable_element=\u00bbyes\u00bb row_type=\u00bb3&#8243; row_overlay_color=\u00bbheroBlack\u00bb row_boxed=\u00bb1&#8243; horizontal_center=\u00bb1&#8243; equal_columns=\u00bb1&#8243; row_image_bg=\u00bb3023&#8243; css=\u00bb.vc_custom_1559930500153{margin-top: 0px !important;margin-bottom: 0px !important;}\u00bb][vc_column offset=\u00bbvc_col-lg-12 vc_col-md-8&#8243;]<h1 class=\"text-center\">Simply perfect<\/h1>[\/vc_column][\/vc_row][vc_row full_width=\u00bbstretch_row_content_no_spaces\u00bb row_color=\u00bbbgBlack\u00bb extra=\u00bbstretched\u00bb css=\u00bb.vc_custom_1559951859790{margin-top: -100px !important;}\u00bb][vc_column extra=\u00bbnoPadding\u00bb][\/vc_column][vc_column extra=\u00bbnoPadding,clearfix\u00bb offset=\u00bbvc_col-lg-8 vc_col-md-12&#8243; css=\u00bb.vc_custom_1560071359030{background-image: url(http:\/\/mallorcaled.com\/wp-content\/uploads\/2019\/06\/garden.jpg?id=3023) !important;}\u00bb]\r\n            <div class=\"splitImg padding customBgOverlay blackColor\" style=\"background-image: url(https:\/\/mallorcaled.com\/wp-content\/uploads\/2019\/06\/IMG_3250.jpeg);\">\r\n                <div>&nbsp;<\/div>\r\n            <\/div>[\/vc_column][vc_column altius_col_bgcolor=\u00bbbgBlack\u00bb offset=\u00bbvc_col-lg-4&#8243;][vc_row_inner inner_row_color=\u00bbbgBlack\u00bb inner_extra=\u00bbpadding\u00bb][vc_column_inner][vc_empty_space height=\u00bb33px\u00bb]<h3 class=\"text-left\">Alquiler de equipos para celebraciones<\/h3>[vc_empty_space height=\u00bb33px\u00bb][vc_column_text]Si solo quiere dar una fiesta inolvidable en Mallorca una vez al a\u00f1o, no vale la pena comprar equipos de alta gama. Con nosotros puede alquilar de manera c\u00f3moda y confiable. Alquilamos todo para su evento o fiesta privada. El equipo completo de DJ, los sistemas de sonido y los fant\u00e1sticos efectos de iluminaci\u00f3n har\u00e1n de su fiesta una experiencia inolvidable. Usted decide si quiere convertirse en DJ o si quiere contratar un DJ a parte. [\/vc_column_text][\/vc_column_inner][\/vc_row_inner][\/vc_column][vc_column altius_col_bgcolor=\u00bbbgColor\u00bb extra=\u00bbnoPadding\u00bb css=\u00bb.vc_custom_1559952065154{background-color: #d8bc31 !important;}\u00bb offset=\u00bbvc_col-lg-12&#8243;][\/vc_column][\/vc_row][vc_row row_color=\u00bbbgWhite\u00bb row_padding=\u00bbdefault\u00bb extra=\u00bbstretched\u00bb css=\u00bb.vc_custom_1559958151799{background-color: #000000 !important;}\u00bb][vc_column][\/vc_column][vc_column][vc_empty_space height=\u00bb111px\u00bb]<ul id=\"section-gallery-7972\" class=\"lightboxGallery row small-up-1 medium-up-4 large-up-4 folioGrid noMargin stretched\"><li class=\"column gallery-item noPadding\">\r\n          <a href=\"https:\/\/mallorcaled.com\/wp-content\/uploads\/2019\/06\/IMG_8861.jpeg\" title=\"\" class=\"relPosition\">\r\n            <img decoding=\"async\" src=\"https:\/\/mallorcaled.com\/wp-content\/uploads\/2019\/06\/IMG_8861-600x420.jpeg\" alt=\"\" \/>\r\n            <div class=\"imageHover\">\r\n              <span class=\"icon-magnifying-glass\"><\/span>\r\n            <\/div>\r\n          <\/a>\r\n        <\/li><li class=\"column gallery-item noPadding\">\r\n          <a href=\"https:\/\/mallorcaled.com\/wp-content\/uploads\/2019\/06\/IMG_9178.jpeg\" title=\"\" class=\"relPosition\">\r\n            <img decoding=\"async\" src=\"https:\/\/mallorcaled.com\/wp-content\/uploads\/2019\/06\/IMG_9178-600x420.jpeg\" alt=\"\" \/>\r\n            <div class=\"imageHover\">\r\n              <span class=\"icon-magnifying-glass\"><\/span>\r\n            <\/div>\r\n          <\/a>\r\n        <\/li><li class=\"column gallery-item noPadding\">\r\n          <a href=\"https:\/\/mallorcaled.com\/wp-content\/uploads\/2019\/06\/IMG_7001.jpeg\" title=\"\" class=\"relPosition\">\r\n            <img decoding=\"async\" src=\"https:\/\/mallorcaled.com\/wp-content\/uploads\/2019\/06\/IMG_7001-600x420.jpeg\" alt=\"\" \/>\r\n            <div class=\"imageHover\">\r\n              <span class=\"icon-magnifying-glass\"><\/span>\r\n            <\/div>\r\n          <\/a>\r\n        <\/li><li class=\"column gallery-item noPadding\">\r\n          <a href=\"https:\/\/mallorcaled.com\/wp-content\/uploads\/2019\/06\/IMG_9047.jpeg\" title=\"\" class=\"relPosition\">\r\n            <img decoding=\"async\" src=\"https:\/\/mallorcaled.com\/wp-content\/uploads\/2019\/06\/IMG_9047-600x420.jpeg\" alt=\"\" \/>\r\n            <div class=\"imageHover\">\r\n              <span class=\"icon-magnifying-glass\"><\/span>\r\n            <\/div>\r\n          <\/a>\r\n        <\/li><li class=\"column gallery-item noPadding\">\r\n          <a href=\"https:\/\/mallorcaled.com\/wp-content\/uploads\/2019\/06\/IMG_9158.jpeg\" title=\"\" class=\"relPosition\">\r\n            <img decoding=\"async\" src=\"https:\/\/mallorcaled.com\/wp-content\/uploads\/2019\/06\/IMG_9158-600x420.jpeg\" alt=\"\" \/>\r\n            <div class=\"imageHover\">\r\n              <span class=\"icon-magnifying-glass\"><\/span>\r\n            <\/div>\r\n          <\/a>\r\n        <\/li><li class=\"column gallery-item noPadding\">\r\n          <a href=\"https:\/\/mallorcaled.com\/wp-content\/uploads\/2019\/06\/IMG_9084.jpeg\" title=\"\" class=\"relPosition\">\r\n            <img decoding=\"async\" src=\"https:\/\/mallorcaled.com\/wp-content\/uploads\/2019\/06\/IMG_9084-600x420.jpeg\" alt=\"\" \/>\r\n            <div class=\"imageHover\">\r\n              <span class=\"icon-magnifying-glass\"><\/span>\r\n            <\/div>\r\n          <\/a>\r\n        <\/li><li class=\"column gallery-item noPadding\">\r\n          <a href=\"https:\/\/mallorcaled.com\/wp-content\/uploads\/2019\/06\/IMG_9072.jpeg\" title=\"\" class=\"relPosition\">\r\n            <img decoding=\"async\" src=\"https:\/\/mallorcaled.com\/wp-content\/uploads\/2019\/06\/IMG_9072-600x420.jpeg\" alt=\"\" \/>\r\n            <div class=\"imageHover\">\r\n              <span class=\"icon-magnifying-glass\"><\/span>\r\n            <\/div>\r\n          <\/a>\r\n        <\/li><li class=\"column gallery-item noPadding\">\r\n          <a href=\"https:\/\/mallorcaled.com\/wp-content\/uploads\/2019\/06\/IMG_9027.jpeg\" title=\"\" class=\"relPosition\">\r\n            <img decoding=\"async\" src=\"https:\/\/mallorcaled.com\/wp-content\/uploads\/2019\/06\/IMG_9027-600x420.jpeg\" alt=\"\" \/>\r\n            <div class=\"imageHover\">\r\n              <span class=\"icon-magnifying-glass\"><\/span>\r\n            <\/div>\r\n          <\/a>\r\n        <\/li><\/ul>[vc_empty_space height=\u00bb112px\u00bb][\/vc_column][\/vc_row][vc_row gap=\u00bb1&#8243; video_bg=\u00bbyes\u00bb video_bg_url=\u00bbhttps:\/\/www.youtube.com\/watch?v=qF-9IojNiSg\u00bb disable_element=\u00bbyes\u00bb row_type=\u00bb4&#8243; row_boxed=\u00bb1&#8243; horizontal_center=\u00bb1&#8243; row_color=\u00bbbgWhite\u00bb equal_columns=\u00bb1&#8243; extra=\u00bbstretched\u00bb el_class=\u00bbcustomBgOverlay orangeColor\u00bb row_fallback_bg=\u00bb3115&#8243; row_video_webm=\u00bbhttp:\/\/mallorcaled.com\/wp-content\/uploads\/2019\/06\/videodj.mp4&#8243; row_video_mp4=\u00bbhttp:\/\/mallorcaled.com\/wp-content\/uploads\/2019\/06\/videodj.mp4&#8243;][vc_column css=\u00bb.vc_custom_1559950455619{background-color: #e5cd34 !important;}\u00bb][\/vc_column][vc_column css=\u00bb.vc_custom_1559950472238{background-color: #000000 !important;}\u00bb][vc_custom_heading text=\u00bbLicht, Sound und Stimmung zu vermieten\u00bb font_container=\u00bbtag:h2|text_align:center|color:%23565656&#8243; google_fonts=\u00bbfont_family:Alegreya%20Sans%20SC%3A100%2C100italic%2C300%2C300italic%2Cregular%2Citalic%2C500%2C500italic%2C700%2C700italic%2C800%2C800italic%2C900%2C900italic|font_style:800%20bold%20regular%3A800%3Anormal\u00bb][vc_custom_heading text=\u00bbDas beste equipment auf Mallorca f\u00fcr eine unvergessliche Partynacht\u00bb font_container=\u00bbtag:h2|text_align:center|color:%23595959&#8243; google_fonts=\u00bbfont_family:Alegreya%20Sans%20SC%3A100%2C100italic%2C300%2C300italic%2Cregular%2Citalic%2C500%2C500italic%2C700%2C700italic%2C800%2C800italic%2C900%2C900italic|font_style:300%20light%20italic%3A300%3Aitalic\u00bb][\/vc_column][\/vc_row][vc_row row_padding=\u00bbdefault\u00bb extra=\u00bbstretched\u00bb css=\u00bb.vc_custom_1559958164270{background-color: #d3a900 !important;}\u00bb][vc_column]<div role=\"form\" class=\"wpcf7\" id=\"wpcf7-f3814-o1\" lang=\"en-US\" dir=\"ltr\">\n<div class=\"screen-reader-response\"><p role=\"status\" aria-live=\"polite\" aria-atomic=\"true\"><\/p> <ul><\/ul><\/div>\n<form action=\"\/es\/wp-json\/wp\/v2\/pages\/3652#wpcf7-f3814-o1\" method=\"post\" class=\"wpcf7-form init\" novalidate=\"novalidate\" data-status=\"init\">\n<div style=\"display: none;\">\n<input type=\"hidden\" name=\"_wpcf7\" value=\"3814\" \/>\n<input type=\"hidden\" name=\"_wpcf7_version\" value=\"5.5.6\" \/>\n<input type=\"hidden\" name=\"_wpcf7_locale\" value=\"en_US\" \/>\n<input type=\"hidden\" name=\"_wpcf7_unit_tag\" value=\"wpcf7-f3814-o1\" \/>\n<input type=\"hidden\" name=\"_wpcf7_container_post\" value=\"0\" \/>\n<input type=\"hidden\" name=\"_wpcf7_posted_data_hash\" value=\"\" \/>\n<input type=\"hidden\" name=\"_wpcf7_recaptcha_response\" value=\"\" \/>\n<\/div>\n<h3 class=\"text-left\">Contact us now!<\/h3>\n<div id=\"contact\">\n<div class=\"row\">\n<div class=\"large-6 columns\">\n                          <span class=\"wpcf7-form-control-wrap your-name\"><input type=\"text\" name=\"your-name\" value=\"\" size=\"40\" class=\"wpcf7-form-control wpcf7-text wpcf7-validates-as-required form-element large\" id=\"formName\" aria-required=\"true\" aria-invalid=\"false\" placeholder=\"Su nombre*\" \/><\/span><br \/>\n                          <small class=\"form-error\">Please fill in your first and last name.<\/small>\n                      <\/div>\n<div class=\"large-6 columns\">\n                          <span class=\"wpcf7-form-control-wrap your-email\"><input type=\"email\" name=\"your-email\" value=\"\" size=\"40\" class=\"wpcf7-form-control wpcf7-text wpcf7-email wpcf7-validates-as-required wpcf7-validates-as-email form-element large\" aria-required=\"true\" aria-invalid=\"false\" placeholder=\"Email*\" \/><\/span><br \/>\n                          <small class=\"form-error\">Enter a valid email address.<\/small>\n                      <\/div>\n<\/div>\n<div class=\"row\">\n<div class=\"large-6 columns\">\n                          <span class=\"wpcf7-form-control-wrap your-phone\"><input type=\"text\" name=\"your-phone\" value=\"\" size=\"40\" class=\"wpcf7-form-control wpcf7-text form-element large\" aria-invalid=\"false\" placeholder=\"Su n\u00famero de tel\u00e9fono\" \/><\/span><br \/>\n                          <small class=\"form-error\">Enter a valid phone number<\/small>\n                      <\/div>\n<\/div>\n<div class=\"row\">\n<div class=\"large-12 columns textarea\">\n                          <span class=\"wpcf7-form-control-wrap your-message\"><textarea name=\"your-message\" cols=\"40\" rows=\"10\" class=\"wpcf7-form-control wpcf7-textarea wpcf7-validates-as-required form-element large\" aria-required=\"true\" aria-invalid=\"false\" placeholder=\"Mensaje*\"><\/textarea><\/span><br \/>\n                          <small class=\"form-error\">You must say something<\/small>\n                      <\/div>\n<\/div>\n<div class=\"row\">\n<div class=\"small-12 columns\">\n                      <input type=\"submit\" value=\"Enviar\" class=\"wpcf7-form-control has-spinner wpcf7-submit button btnBlack float-right\" \/>\n                    <\/div>\n<\/div>\n<\/div>\n<p style=\"display: none !important;\"><label>&#916;<textarea name=\"_wpcf7_ak_hp_textarea\" cols=\"45\" rows=\"8\" maxlength=\"100\"><\/textarea><\/label><input type=\"hidden\" id=\"ak_js_1\" name=\"_wpcf7_ak_js\" value=\"130\"\/><script>document.getElementById( \"ak_js_1\" ).setAttribute( \"value\", ( new Date() ).getTime() );<\/script><\/p><div class=\"wpcf7-response-output\" aria-hidden=\"true\"><\/div><\/form><\/div>[\/vc_column][\/vc_row]<\/p>\n","protected":false},"excerpt":{"rendered":"<p>[vc_row full_width=\u00bbstretch_row_content_no_spaces\u00bb disable_element=\u00bbyes\u00bb row_type=\u00bb3&#8243; row_overlay_color=\u00bbheroBlack\u00bb row_boxed=\u00bb1&#8243; horizontal_center=\u00bb1&#8243; equal_columns=\u00bb1&#8243; row_image_bg=\u00bb3023&#8243; css=\u00bb.vc_custom_1559930500153{margin-top: 0px !important;margin-bottom: 0px !important;}\u00bb][vc_column offset=\u00bbvc_col-lg-12 vc_col-md-8&#8243;][\/vc_column][\/vc_row][vc_row full_width=\u00bbstretch_row_content_no_spaces\u00bb row_color=\u00bbbgBlack\u00bb extra=\u00bbstretched\u00bb css=\u00bb.vc_custom_1559951859790{margin-top: -100px !important;}\u00bb][vc_column extra=\u00bbnoPadding\u00bb][\/vc_column][vc_column extra=\u00bbnoPadding,clearfix\u00bb offset=\u00bbvc_col-lg-8 vc_col-md-12&#8243; css=\u00bb.vc_custom_1560071359030{background-image: url(http:\/\/mallorcaled.com\/wp-content\/uploads\/2019\/06\/garden.jpg?id=3023) !important;}\u00bb][\/vc_column][vc_column altius_col_bgcolor=\u00bbbgBlack\u00bb offset=\u00bbvc_col-lg-4&#8243;][vc_row_inner inner_row_color=\u00bbbgBlack\u00bb inner_extra=\u00bbpadding\u00bb][vc_column_inner][vc_empty_space height=\u00bb33px\u00bb][vc_empty_space height=\u00bb33px\u00bb][vc_column_text]Si solo quiere dar una fiesta inolvidable en Mallorca una vez al a\u00f1o, no vale la pena comprar equipos de alta [&hellip;]<\/p>\n","protected":false},"author":2,"featured_media":0,"parent":0,"menu_order":0,"comment_status":"closed","ping_status":"closed","template":"template-page-full.php","meta":{"footnotes":""},"class_list":["post-3652","page","type-page","status-publish","hentry"],"yoast_head":"<!-- This site is optimized with the Yoast SEO plugin v18.4 - https:\/\/yoast.com\/wordpress\/plugins\/seo\/ -->\n<title>alquiler de sonido para eventos | MallorcaLED<\/title>\n<meta name=\"robots\" content=\"index, follow, max-snippet:-1, max-image-preview:large, max-video-preview:-1\" \/>\n<link rel=\"canonical\" href=\"https:\/\/mallorcaled.com\/es\/alquiler_equipo_sonido_eventos\/\" \/>\n<meta property=\"og:locale\" content=\"es_ES\" \/>\n<meta property=\"og:type\" content=\"article\" \/>\n<meta property=\"og:title\" content=\"alquiler de sonido para eventos | MallorcaLED\" \/>\n<meta property=\"og:description\" content=\"[vc_row full_width=\u00bbstretch_row_content_no_spaces\u00bb disable_element=\u00bbyes\u00bb row_type=\u00bb3&#8243; row_overlay_color=\u00bbheroBlack\u00bb row_boxed=\u00bb1&#8243; horizontal_center=\u00bb1&#8243; equal_columns=\u00bb1&#8243; row_image_bg=\u00bb3023&#8243; css=\u00bb.vc_custom_1559930500153{margin-top: 0px !important;margin-bottom: 0px !important;}\u00bb][vc_column offset=\u00bbvc_col-lg-12 vc_col-md-8&#8243;][\/vc_column][\/vc_row][vc_row full_width=\u00bbstretch_row_content_no_spaces\u00bb row_color=\u00bbbgBlack\u00bb extra=\u00bbstretched\u00bb css=\u00bb.vc_custom_1559951859790{margin-top: -100px !important;}\u00bb][vc_column extra=\u00bbnoPadding\u00bb][\/vc_column][vc_column extra=\u00bbnoPadding,clearfix\u00bb offset=\u00bbvc_col-lg-8 vc_col-md-12&#8243; css=\u00bb.vc_custom_1560071359030{background-image: url(http:\/\/mallorcaled.com\/wp-content\/uploads\/2019\/06\/garden.jpg?id=3023) !important;}\u00bb][\/vc_column][vc_column altius_col_bgcolor=\u00bbbgBlack\u00bb offset=\u00bbvc_col-lg-4&#8243;][vc_row_inner inner_row_color=\u00bbbgBlack\u00bb inner_extra=\u00bbpadding\u00bb][vc_column_inner][vc_empty_space height=\u00bb33px\u00bb][vc_empty_space height=\u00bb33px\u00bb][vc_column_text]Si solo quiere dar una fiesta inolvidable en Mallorca una vez al a\u00f1o, no vale la pena comprar equipos de alta [&hellip;]\" \/>\n<meta property=\"og:url\" content=\"https:\/\/mallorcaled.com\/es\/alquiler_equipo_sonido_eventos\/\" \/>\n<meta property=\"og:site_name\" content=\"MallorcaLED\" \/>\n<meta property=\"article:modified_time\" content=\"2020-05-25T06:22:00+00:00\" \/>\n<meta name=\"twitter:card\" content=\"summary_large_image\" \/>\n<meta name=\"twitter:label1\" content=\"Tiempo de lectura\" \/>\n\t<meta name=\"twitter:data1\" content=\"3 minutos\" \/>\n<script type=\"application\/ld+json\" class=\"yoast-schema-graph\">{\"@context\":\"https:\/\/schema.org\",\"@graph\":[{\"@type\":\"WebSite\",\"@id\":\"https:\/\/mallorcaled.com\/#website\",\"url\":\"https:\/\/mallorcaled.com\/\",\"name\":\"Interled Sounds & Visions Mallorca\",\"description\":\"LED Lighting, Sound , TV\",\"potentialAction\":[{\"@type\":\"SearchAction\",\"target\":{\"@type\":\"EntryPoint\",\"urlTemplate\":\"https:\/\/mallorcaled.com\/?s={search_term_string}\"},\"query-input\":\"required name=search_term_string\"}],\"inLanguage\":\"es\"},{\"@type\":\"WebPage\",\"@id\":\"https:\/\/mallorcaled.com\/es\/alquiler_equipo_sonido_eventos\/#webpage\",\"url\":\"https:\/\/mallorcaled.com\/es\/alquiler_equipo_sonido_eventos\/\",\"name\":\"alquiler de sonido para eventos | MallorcaLED\",\"isPartOf\":{\"@id\":\"https:\/\/mallorcaled.com\/#website\"},\"datePublished\":\"2019-12-23T14:57:38+00:00\",\"dateModified\":\"2020-05-25T06:22:00+00:00\",\"breadcrumb\":{\"@id\":\"https:\/\/mallorcaled.com\/es\/alquiler_equipo_sonido_eventos\/#breadcrumb\"},\"inLanguage\":\"es\",\"potentialAction\":[{\"@type\":\"ReadAction\",\"target\":[\"https:\/\/mallorcaled.com\/es\/alquiler_equipo_sonido_eventos\/\"]}]},{\"@type\":\"BreadcrumbList\",\"@id\":\"https:\/\/mallorcaled.com\/es\/alquiler_equipo_sonido_eventos\/#breadcrumb\",\"itemListElement\":[{\"@type\":\"ListItem\",\"position\":1,\"name\":\"Home\",\"item\":\"https:\/\/mallorcaled.com\/es\/\"},{\"@type\":\"ListItem\",\"position\":2,\"name\":\"alquiler de sonido para eventos\"}]}]}<\/script>\n<!-- \/ Yoast SEO plugin. -->","yoast_head_json":{"title":"alquiler de sonido para eventos | MallorcaLED","robots":{"index":"index","follow":"follow","max-snippet":"max-snippet:-1","max-image-preview":"max-image-preview:large","max-video-preview":"max-video-preview:-1"},"canonical":"https:\/\/mallorcaled.com\/es\/alquiler_equipo_sonido_eventos\/","og_locale":"es_ES","og_type":"article","og_title":"alquiler de sonido para eventos | MallorcaLED","og_description":"[vc_row full_width=\u00bbstretch_row_content_no_spaces\u00bb disable_element=\u00bbyes\u00bb row_type=\u00bb3&#8243; row_overlay_color=\u00bbheroBlack\u00bb row_boxed=\u00bb1&#8243; horizontal_center=\u00bb1&#8243; equal_columns=\u00bb1&#8243; row_image_bg=\u00bb3023&#8243; css=\u00bb.vc_custom_1559930500153{margin-top: 0px !important;margin-bottom: 0px !important;}\u00bb][vc_column offset=\u00bbvc_col-lg-12 vc_col-md-8&#8243;][\/vc_column][\/vc_row][vc_row full_width=\u00bbstretch_row_content_no_spaces\u00bb row_color=\u00bbbgBlack\u00bb extra=\u00bbstretched\u00bb css=\u00bb.vc_custom_1559951859790{margin-top: -100px !important;}\u00bb][vc_column extra=\u00bbnoPadding\u00bb][\/vc_column][vc_column extra=\u00bbnoPadding,clearfix\u00bb offset=\u00bbvc_col-lg-8 vc_col-md-12&#8243; css=\u00bb.vc_custom_1560071359030{background-image: url(http:\/\/mallorcaled.com\/wp-content\/uploads\/2019\/06\/garden.jpg?id=3023) !important;}\u00bb][\/vc_column][vc_column altius_col_bgcolor=\u00bbbgBlack\u00bb offset=\u00bbvc_col-lg-4&#8243;][vc_row_inner inner_row_color=\u00bbbgBlack\u00bb inner_extra=\u00bbpadding\u00bb][vc_column_inner][vc_empty_space height=\u00bb33px\u00bb][vc_empty_space height=\u00bb33px\u00bb][vc_column_text]Si solo quiere dar una fiesta inolvidable en Mallorca una vez al a\u00f1o, no vale la pena comprar equipos de alta [&hellip;]","og_url":"https:\/\/mallorcaled.com\/es\/alquiler_equipo_sonido_eventos\/","og_site_name":"MallorcaLED","article_modified_time":"2020-05-25T06:22:00+00:00","twitter_card":"summary_large_image","twitter_misc":{"Tiempo de lectura":"3 minutos"},"schema":{"@context":"https:\/\/schema.org","@graph":[{"@type":"WebSite","@id":"https:\/\/mallorcaled.com\/#website","url":"https:\/\/mallorcaled.com\/","name":"Interled Sounds & Visions Mallorca","description":"LED Lighting, Sound , TV","potentialAction":[{"@type":"SearchAction","target":{"@type":"EntryPoint","urlTemplate":"https:\/\/mallorcaled.com\/?s={search_term_string}"},"query-input":"required name=search_term_string"}],"inLanguage":"es"},{"@type":"WebPage","@id":"https:\/\/mallorcaled.com\/es\/alquiler_equipo_sonido_eventos\/#webpage","url":"https:\/\/mallorcaled.com\/es\/alquiler_equipo_sonido_eventos\/","name":"alquiler de sonido para eventos | MallorcaLED","isPartOf":{"@id":"https:\/\/mallorcaled.com\/#website"},"datePublished":"2019-12-23T14:57:38+00:00","dateModified":"2020-05-25T06:22:00+00:00","breadcrumb":{"@id":"https:\/\/mallorcaled.com\/es\/alquiler_equipo_sonido_eventos\/#breadcrumb"},"inLanguage":"es","potentialAction":[{"@type":"ReadAction","target":["https:\/\/mallorcaled.com\/es\/alquiler_equipo_sonido_eventos\/"]}]},{"@type":"BreadcrumbList","@id":"https:\/\/mallorcaled.com\/es\/alquiler_equipo_sonido_eventos\/#breadcrumb","itemListElement":[{"@type":"ListItem","position":1,"name":"Home","item":"https:\/\/mallorcaled.com\/es\/"},{"@type":"ListItem","position":2,"name":"alquiler de sonido para eventos"}]}]}},"_links":{"self":[{"href":"https:\/\/mallorcaled.com\/es\/wp-json\/wp\/v2\/pages\/3652"}],"collection":[{"href":"https:\/\/mallorcaled.com\/es\/wp-json\/wp\/v2\/pages"}],"about":[{"href":"https:\/\/mallorcaled.com\/es\/wp-json\/wp\/v2\/types\/page"}],"author":[{"embeddable":true,"href":"https:\/\/mallorcaled.com\/es\/wp-json\/wp\/v2\/users\/2"}],"replies":[{"embeddable":true,"href":"https:\/\/mallorcaled.com\/es\/wp-json\/wp\/v2\/comments?post=3652"}],"version-history":[{"count":3,"href":"https:\/\/mallorcaled.com\/es\/wp-json\/wp\/v2\/pages\/3652\/revisions"}],"predecessor-version":[{"id":3821,"href":"https:\/\/mallorcaled.com\/es\/wp-json\/wp\/v2\/pages\/3652\/revisions\/3821"}],"wp:attachment":[{"href":"https:\/\/mallorcaled.com\/es\/wp-json\/wp\/v2\/media?parent=3652"}],"curies":[{"name":"wp","href":"https:\/\/api.w.org\/{rel}","templated":true}]}}