{"id":3629,"date":"2019-12-23T14:37:29","date_gmt":"2019-12-23T14:37:29","guid":{"rendered":"http:\/\/mallorcaled.com\/?page_id=3629"},"modified":"2020-05-23T10:34:35","modified_gmt":"2020-05-23T10:34:35","slug":"aussenbeleuchtung","status":"publish","type":"page","link":"https:\/\/mallorcaled.com\/es\/aussenbeleuchtung\/","title":{"rendered":"Aussenbeleuchtung"},"content":{"rendered":"<p>[vc_row full_width=\u00bbstretch_row_content_no_spaces\u00bb row_color=\u00bbbgBlack\u00bb extra=\u00bbstretched\u00bb css=\u00bb.vc_custom_1559951859790{margin-top: -100px !important;}\u00bb][vc_column extra=\u00bbnoPadding\u00bb][\/vc_column][vc_column extra=\u00bbnoPadding,clearfix\u00bb offset=\u00bbvc_col-lg-8 vc_col-md-12&#8243; css=\u00bb.vc_custom_1560070424189{background-image: url(http:\/\/mallorcaled.com\/wp-content\/uploads\/2019\/06\/garden.jpg?id=3023) !important;}\u00bb]\r\n            <div class=\"splitImg padding customBgOverlay noColor\" style=\"background-image: url(https:\/\/mallorcaled.com\/wp-content\/uploads\/2019\/07\/IMG_7917-2.jpeg);\">\r\n                <div>&nbsp;<\/div>\r\n            <\/div>[\/vc_column][vc_column altius_col_bgcolor=\u00bbbgBlack\u00bb offset=\u00bbvc_col-lg-4 vc_col-md-12&#8243;][vc_row_inner inner_row_color=\u00bbbgBlack\u00bb inner_extra=\u00bbpadding\u00bb][vc_column_inner][vc_empty_space height=\u00bb55px\u00bb]<h3 class=\"text-left\">Iluminaci\u00f3n exterior<\/h3>[vc_empty_space height=\u00bb55px\u00bb][vc_column_text]En Mallorca, el \u00e1rea al aire libre a menudo juega un papel m\u00e1s importante debido al clima. Es por eso que la luz y la iluminaci\u00f3n son particularmente importantes aqu\u00ed. \u00a1Aqu\u00ed no se deben hacer compromisos en t\u00e9rminos de sentirse bien! Con tonos blancos s\u00faper c\u00e1lidos y un alto \u00edndice de IRC, ponemos los elementos de su jard\u00edn en primer plano para crear un ambiente elegante y sutil que a\u00fan sea lo suficientemente brillante como para garantizar la seguridad.[\/vc_column_text][\/vc_column_inner][\/vc_row_inner][\/vc_column][vc_column altius_col_bgcolor=\u00bbbgColor\u00bb extra=\u00bbnoPadding\u00bb css=\u00bb.vc_custom_1559952065154{background-color: #d8bc31 !important;}\u00bb offset=\u00bbvc_col-lg-12&#8243;][vc_empty_space height=\u00bb12px\u00bb css=\u00bb.vc_custom_1559951104334{background-color: #d8c231 !important;}\u00bb][\/vc_column][\/vc_row][vc_row row_color=\u00bbbgWhite\u00bb row_padding=\u00bbdefault\u00bb extra=\u00bbstretched\u00bb css=\u00bb.vc_custom_1559958178027{background-color: #000000 !important;}\u00bb][vc_column][\/vc_column][vc_column][vc_empty_space height=\u00bb55px\u00bb]<ul id=\"section-gallery-2796\" class=\"lightboxGallery row small-up-1 medium-up-4 large-up-4 folioGrid noMargin stretched\"><li class=\"column gallery-item noPadding\">\r\n          <a href=\"https:\/\/mallorcaled.com\/wp-content\/uploads\/2019\/07\/IMG_4281.jpeg\" title=\"\" class=\"relPosition\">\r\n            <img decoding=\"async\" src=\"https:\/\/mallorcaled.com\/wp-content\/uploads\/2019\/07\/IMG_4281-600x420.jpeg\" alt=\"\" \/>\r\n            <div class=\"imageHover\">\r\n              <span class=\"icon-magnifying-glass\"><\/span>\r\n            <\/div>\r\n          <\/a>\r\n        <\/li><li class=\"column gallery-item noPadding\">\r\n          <a href=\"https:\/\/mallorcaled.com\/wp-content\/uploads\/2019\/06\/IMG_4314_22.jpg\" title=\"\" class=\"relPosition\">\r\n            <img decoding=\"async\" src=\"https:\/\/mallorcaled.com\/wp-content\/uploads\/2019\/06\/IMG_4314_22-600x420.jpg\" alt=\"\" \/>\r\n            <div class=\"imageHover\">\r\n              <span class=\"icon-magnifying-glass\"><\/span>\r\n            <\/div>\r\n          <\/a>\r\n        <\/li><li class=\"column gallery-item noPadding\">\r\n          <a href=\"https:\/\/mallorcaled.com\/wp-content\/uploads\/2019\/06\/IMG_0189.jpg\" title=\"\" class=\"relPosition\">\r\n            <img decoding=\"async\" src=\"https:\/\/mallorcaled.com\/wp-content\/uploads\/2019\/06\/IMG_0189-600x420.jpg\" alt=\"\" \/>\r\n            <div class=\"imageHover\">\r\n              <span class=\"icon-magnifying-glass\"><\/span>\r\n            <\/div>\r\n          <\/a>\r\n        <\/li><li class=\"column gallery-item noPadding\">\r\n          <a href=\"https:\/\/mallorcaled.com\/wp-content\/uploads\/2019\/06\/IMG_8502-2.jpg\" title=\"\" class=\"relPosition\">\r\n            <img decoding=\"async\" src=\"https:\/\/mallorcaled.com\/wp-content\/uploads\/2019\/06\/IMG_8502-2-600x420.jpg\" alt=\"\" \/>\r\n            <div class=\"imageHover\">\r\n              <span class=\"icon-magnifying-glass\"><\/span>\r\n            <\/div>\r\n          <\/a>\r\n        <\/li><li class=\"column gallery-item noPadding\">\r\n          <a href=\"https:\/\/mallorcaled.com\/wp-content\/uploads\/2019\/07\/IMG_7884-e1564525598632.jpeg\" title=\"\" class=\"relPosition\">\r\n            <img decoding=\"async\" src=\"https:\/\/mallorcaled.com\/wp-content\/uploads\/2019\/07\/IMG_7884-600x420.jpeg\" alt=\"\" \/>\r\n            <div class=\"imageHover\">\r\n              <span class=\"icon-magnifying-glass\"><\/span>\r\n            <\/div>\r\n          <\/a>\r\n        <\/li><li class=\"column gallery-item noPadding\">\r\n          <a href=\"https:\/\/mallorcaled.com\/wp-content\/uploads\/2019\/07\/IMG_7877-e1564525508177.jpeg\" title=\"\" class=\"relPosition\">\r\n            <img decoding=\"async\" src=\"https:\/\/mallorcaled.com\/wp-content\/uploads\/2019\/07\/IMG_7877-600x420.jpeg\" alt=\"\" \/>\r\n            <div class=\"imageHover\">\r\n              <span class=\"icon-magnifying-glass\"><\/span>\r\n            <\/div>\r\n          <\/a>\r\n        <\/li><li class=\"column gallery-item noPadding\">\r\n          <a href=\"https:\/\/mallorcaled.com\/wp-content\/uploads\/2019\/07\/IMG_7853-e1564525576561.jpeg\" title=\"\" class=\"relPosition\">\r\n            <img decoding=\"async\" src=\"https:\/\/mallorcaled.com\/wp-content\/uploads\/2019\/07\/IMG_7853-600x420.jpeg\" alt=\"\" \/>\r\n            <div class=\"imageHover\">\r\n              <span class=\"icon-magnifying-glass\"><\/span>\r\n            <\/div>\r\n          <\/a>\r\n        <\/li><li class=\"column gallery-item noPadding\">\r\n          <a href=\"https:\/\/mallorcaled.com\/wp-content\/uploads\/2019\/06\/image3.jpg\" title=\"\" class=\"relPosition\">\r\n            <img decoding=\"async\" src=\"https:\/\/mallorcaled.com\/wp-content\/uploads\/2019\/06\/image3-600x420.jpg\" alt=\"\" \/>\r\n            <div class=\"imageHover\">\r\n              <span class=\"icon-magnifying-glass\"><\/span>\r\n            <\/div>\r\n          <\/a>\r\n        <\/li><li class=\"column gallery-item noPadding\">\r\n          <a href=\"https:\/\/mallorcaled.com\/wp-content\/uploads\/2019\/06\/IMG_0608.jpg\" title=\"\" class=\"relPosition\">\r\n            <img decoding=\"async\" src=\"https:\/\/mallorcaled.com\/wp-content\/uploads\/2019\/06\/IMG_0608-600x420.jpg\" alt=\"\" \/>\r\n            <div class=\"imageHover\">\r\n              <span class=\"icon-magnifying-glass\"><\/span>\r\n            <\/div>\r\n          <\/a>\r\n        <\/li><li class=\"column gallery-item noPadding\">\r\n          <a href=\"https:\/\/mallorcaled.com\/wp-content\/uploads\/2019\/06\/4b586480-f277-4f81-b4da-5f69fefb8b64.jpg\" title=\"\" class=\"relPosition\">\r\n            <img decoding=\"async\" src=\"https:\/\/mallorcaled.com\/wp-content\/uploads\/2019\/06\/4b586480-f277-4f81-b4da-5f69fefb8b64-600x420.jpg\" alt=\"\" \/>\r\n            <div class=\"imageHover\">\r\n              <span class=\"icon-magnifying-glass\"><\/span>\r\n            <\/div>\r\n          <\/a>\r\n        <\/li><li class=\"column gallery-item noPadding\">\r\n          <a href=\"https:\/\/mallorcaled.com\/wp-content\/uploads\/2019\/06\/IMG_0047.jpg\" title=\"\" class=\"relPosition\">\r\n            <img decoding=\"async\" src=\"https:\/\/mallorcaled.com\/wp-content\/uploads\/2019\/06\/IMG_0047.jpg\" alt=\"\" \/>\r\n            <div class=\"imageHover\">\r\n              <span class=\"icon-magnifying-glass\"><\/span>\r\n            <\/div>\r\n          <\/a>\r\n        <\/li><li class=\"column gallery-item noPadding\">\r\n          <a href=\"\" title=\"\" class=\"relPosition\">\r\n            <img decoding=\"async\" src=\"\" alt=\"\" \/>\r\n            <div class=\"imageHover\">\r\n              <span class=\"icon-magnifying-glass\"><\/span>\r\n            <\/div>\r\n          <\/a>\r\n        <\/li><li class=\"column gallery-item noPadding\">\r\n          <a href=\"\" title=\"\" class=\"relPosition\">\r\n            <img decoding=\"async\" src=\"\" alt=\"\" \/>\r\n            <div class=\"imageHover\">\r\n              <span class=\"icon-magnifying-glass\"><\/span>\r\n            <\/div>\r\n          <\/a>\r\n        <\/li><\/ul>[vc_empty_space height=\u00bb112px\u00bb][\/vc_column][\/vc_row]<\/p>\n","protected":false},"excerpt":{"rendered":"<p>[vc_row full_width=\u00bbstretch_row_content_no_spaces\u00bb row_color=\u00bbbgBlack\u00bb extra=\u00bbstretched\u00bb css=\u00bb.vc_custom_1559951859790{margin-top: -100px !important;}\u00bb][vc_column extra=\u00bbnoPadding\u00bb][\/vc_column][vc_column extra=\u00bbnoPadding,clearfix\u00bb offset=\u00bbvc_col-lg-8 vc_col-md-12&#8243; css=\u00bb.vc_custom_1560070424189{background-image: url(http:\/\/mallorcaled.com\/wp-content\/uploads\/2019\/06\/garden.jpg?id=3023) !important;}\u00bb][\/vc_column][vc_column altius_col_bgcolor=\u00bbbgBlack\u00bb offset=\u00bbvc_col-lg-4 vc_col-md-12&#8243;][vc_row_inner inner_row_color=\u00bbbgBlack\u00bb inner_extra=\u00bbpadding\u00bb][vc_column_inner][vc_empty_space height=\u00bb55px\u00bb][vc_empty_space height=\u00bb55px\u00bb][vc_column_text]En Mallorca, el \u00e1rea al aire libre a menudo juega un papel m\u00e1s importante debido al clima. Es por eso que la luz y la iluminaci\u00f3n son particularmente importantes aqu\u00ed. \u00a1Aqu\u00ed no se deben hacer [&hellip;]<\/p>\n","protected":false},"author":2,"featured_media":0,"parent":0,"menu_order":0,"comment_status":"closed","ping_status":"closed","template":"template-page-full.php","meta":{"footnotes":""},"class_list":["post-3629","page","type-page","status-publish","hentry"],"yoast_head":"<!-- This site is optimized with the Yoast SEO plugin v18.4 - https:\/\/yoast.com\/wordpress\/plugins\/seo\/ -->\n<title>Aussenbeleuchtung | MallorcaLED<\/title>\n<meta name=\"robots\" content=\"index, follow, max-snippet:-1, max-image-preview:large, max-video-preview:-1\" \/>\n<link rel=\"canonical\" href=\"https:\/\/mallorcaled.com\/es\/aussenbeleuchtung\/\" \/>\n<meta property=\"og:locale\" content=\"es_ES\" \/>\n<meta property=\"og:type\" content=\"article\" \/>\n<meta property=\"og:title\" content=\"Aussenbeleuchtung | MallorcaLED\" \/>\n<meta property=\"og:description\" content=\"[vc_row full_width=\u00bbstretch_row_content_no_spaces\u00bb row_color=\u00bbbgBlack\u00bb extra=\u00bbstretched\u00bb css=\u00bb.vc_custom_1559951859790{margin-top: -100px !important;}\u00bb][vc_column extra=\u00bbnoPadding\u00bb][\/vc_column][vc_column extra=\u00bbnoPadding,clearfix\u00bb offset=\u00bbvc_col-lg-8 vc_col-md-12&#8243; css=\u00bb.vc_custom_1560070424189{background-image: url(http:\/\/mallorcaled.com\/wp-content\/uploads\/2019\/06\/garden.jpg?id=3023) !important;}\u00bb][\/vc_column][vc_column altius_col_bgcolor=\u00bbbgBlack\u00bb offset=\u00bbvc_col-lg-4 vc_col-md-12&#8243;][vc_row_inner inner_row_color=\u00bbbgBlack\u00bb inner_extra=\u00bbpadding\u00bb][vc_column_inner][vc_empty_space height=\u00bb55px\u00bb][vc_empty_space height=\u00bb55px\u00bb][vc_column_text]En Mallorca, el \u00e1rea al aire libre a menudo juega un papel m\u00e1s importante debido al clima. Es por eso que la luz y la iluminaci\u00f3n son particularmente importantes aqu\u00ed. \u00a1Aqu\u00ed no se deben hacer [&hellip;]\" \/>\n<meta property=\"og:url\" content=\"https:\/\/mallorcaled.com\/es\/aussenbeleuchtung\/\" \/>\n<meta property=\"og:site_name\" content=\"MallorcaLED\" \/>\n<meta property=\"article:modified_time\" content=\"2020-05-23T10:34:35+00:00\" \/>\n<meta name=\"twitter:card\" content=\"summary_large_image\" \/>\n<meta name=\"twitter:label1\" content=\"Tiempo de lectura\" \/>\n\t<meta name=\"twitter:data1\" content=\"2 minutos\" \/>\n<script type=\"application\/ld+json\" class=\"yoast-schema-graph\">{\"@context\":\"https:\/\/schema.org\",\"@graph\":[{\"@type\":\"WebSite\",\"@id\":\"https:\/\/mallorcaled.com\/#website\",\"url\":\"https:\/\/mallorcaled.com\/\",\"name\":\"Interled Sounds & Visions Mallorca\",\"description\":\"LED Lighting, Sound , TV\",\"potentialAction\":[{\"@type\":\"SearchAction\",\"target\":{\"@type\":\"EntryPoint\",\"urlTemplate\":\"https:\/\/mallorcaled.com\/?s={search_term_string}\"},\"query-input\":\"required name=search_term_string\"}],\"inLanguage\":\"es\"},{\"@type\":\"WebPage\",\"@id\":\"https:\/\/mallorcaled.com\/es\/aussenbeleuchtung\/#webpage\",\"url\":\"https:\/\/mallorcaled.com\/es\/aussenbeleuchtung\/\",\"name\":\"Aussenbeleuchtung | MallorcaLED\",\"isPartOf\":{\"@id\":\"https:\/\/mallorcaled.com\/#website\"},\"datePublished\":\"2019-12-23T14:37:29+00:00\",\"dateModified\":\"2020-05-23T10:34:35+00:00\",\"breadcrumb\":{\"@id\":\"https:\/\/mallorcaled.com\/es\/aussenbeleuchtung\/#breadcrumb\"},\"inLanguage\":\"es\",\"potentialAction\":[{\"@type\":\"ReadAction\",\"target\":[\"https:\/\/mallorcaled.com\/es\/aussenbeleuchtung\/\"]}]},{\"@type\":\"BreadcrumbList\",\"@id\":\"https:\/\/mallorcaled.com\/es\/aussenbeleuchtung\/#breadcrumb\",\"itemListElement\":[{\"@type\":\"ListItem\",\"position\":1,\"name\":\"Home\",\"item\":\"https:\/\/mallorcaled.com\/es\/\"},{\"@type\":\"ListItem\",\"position\":2,\"name\":\"Aussenbeleuchtung\"}]}]}<\/script>\n<!-- \/ Yoast SEO plugin. -->","yoast_head_json":{"title":"Aussenbeleuchtung | MallorcaLED","robots":{"index":"index","follow":"follow","max-snippet":"max-snippet:-1","max-image-preview":"max-image-preview:large","max-video-preview":"max-video-preview:-1"},"canonical":"https:\/\/mallorcaled.com\/es\/aussenbeleuchtung\/","og_locale":"es_ES","og_type":"article","og_title":"Aussenbeleuchtung | MallorcaLED","og_description":"[vc_row full_width=\u00bbstretch_row_content_no_spaces\u00bb row_color=\u00bbbgBlack\u00bb extra=\u00bbstretched\u00bb css=\u00bb.vc_custom_1559951859790{margin-top: -100px !important;}\u00bb][vc_column extra=\u00bbnoPadding\u00bb][\/vc_column][vc_column extra=\u00bbnoPadding,clearfix\u00bb offset=\u00bbvc_col-lg-8 vc_col-md-12&#8243; css=\u00bb.vc_custom_1560070424189{background-image: url(http:\/\/mallorcaled.com\/wp-content\/uploads\/2019\/06\/garden.jpg?id=3023) !important;}\u00bb][\/vc_column][vc_column altius_col_bgcolor=\u00bbbgBlack\u00bb offset=\u00bbvc_col-lg-4 vc_col-md-12&#8243;][vc_row_inner inner_row_color=\u00bbbgBlack\u00bb inner_extra=\u00bbpadding\u00bb][vc_column_inner][vc_empty_space height=\u00bb55px\u00bb][vc_empty_space height=\u00bb55px\u00bb][vc_column_text]En Mallorca, el \u00e1rea al aire libre a menudo juega un papel m\u00e1s importante debido al clima. Es por eso que la luz y la iluminaci\u00f3n son particularmente importantes aqu\u00ed. \u00a1Aqu\u00ed no se deben hacer [&hellip;]","og_url":"https:\/\/mallorcaled.com\/es\/aussenbeleuchtung\/","og_site_name":"MallorcaLED","article_modified_time":"2020-05-23T10:34:35+00:00","twitter_card":"summary_large_image","twitter_misc":{"Tiempo de lectura":"2 minutos"},"schema":{"@context":"https:\/\/schema.org","@graph":[{"@type":"WebSite","@id":"https:\/\/mallorcaled.com\/#website","url":"https:\/\/mallorcaled.com\/","name":"Interled Sounds & Visions Mallorca","description":"LED Lighting, Sound , TV","potentialAction":[{"@type":"SearchAction","target":{"@type":"EntryPoint","urlTemplate":"https:\/\/mallorcaled.com\/?s={search_term_string}"},"query-input":"required name=search_term_string"}],"inLanguage":"es"},{"@type":"WebPage","@id":"https:\/\/mallorcaled.com\/es\/aussenbeleuchtung\/#webpage","url":"https:\/\/mallorcaled.com\/es\/aussenbeleuchtung\/","name":"Aussenbeleuchtung | MallorcaLED","isPartOf":{"@id":"https:\/\/mallorcaled.com\/#website"},"datePublished":"2019-12-23T14:37:29+00:00","dateModified":"2020-05-23T10:34:35+00:00","breadcrumb":{"@id":"https:\/\/mallorcaled.com\/es\/aussenbeleuchtung\/#breadcrumb"},"inLanguage":"es","potentialAction":[{"@type":"ReadAction","target":["https:\/\/mallorcaled.com\/es\/aussenbeleuchtung\/"]}]},{"@type":"BreadcrumbList","@id":"https:\/\/mallorcaled.com\/es\/aussenbeleuchtung\/#breadcrumb","itemListElement":[{"@type":"ListItem","position":1,"name":"Home","item":"https:\/\/mallorcaled.com\/es\/"},{"@type":"ListItem","position":2,"name":"Aussenbeleuchtung"}]}]}},"_links":{"self":[{"href":"https:\/\/mallorcaled.com\/es\/wp-json\/wp\/v2\/pages\/3629"}],"collection":[{"href":"https:\/\/mallorcaled.com\/es\/wp-json\/wp\/v2\/pages"}],"about":[{"href":"https:\/\/mallorcaled.com\/es\/wp-json\/wp\/v2\/types\/page"}],"author":[{"embeddable":true,"href":"https:\/\/mallorcaled.com\/es\/wp-json\/wp\/v2\/users\/2"}],"replies":[{"embeddable":true,"href":"https:\/\/mallorcaled.com\/es\/wp-json\/wp\/v2\/comments?post=3629"}],"version-history":[{"count":8,"href":"https:\/\/mallorcaled.com\/es\/wp-json\/wp\/v2\/pages\/3629\/revisions"}],"predecessor-version":[{"id":3809,"href":"https:\/\/mallorcaled.com\/es\/wp-json\/wp\/v2\/pages\/3629\/revisions\/3809"}],"wp:attachment":[{"href":"https:\/\/mallorcaled.com\/es\/wp-json\/wp\/v2\/media?parent=3629"}],"curies":[{"name":"wp","href":"https:\/\/api.w.org\/{rel}","templated":true}]}}